{"id":2614,"date":"2020-10-06T15:56:13","date_gmt":"2020-10-06T15:56:13","guid":{"rendered":"https:\/\/afikim.org\/notre-equipe\/"},"modified":"2020-10-21T09:21:05","modified_gmt":"2020-10-21T09:21:05","slug":"notre-equipe","status":"publish","type":"page","link":"https:\/\/afikim.org\/fr\/qui-sommes-nous\/notre-equipe\/","title":{"rendered":"Notre Equipe"},"content":{"rendered":"\t\t<div data-elementor-type=\"wp-page\" data-elementor-id=\"2614\" class=\"elementor elementor-2614\" data-elementor-settings=\"[]\">\n\t\t\t\t\t\t<div class=\"elementor-inner\">\n\t\t\t\t\t\t\t<div class=\"elementor-section-wrap\">\n\t\t\t\t\t\t\t<section class=\"elementor-section elementor-top-section elementor-element elementor-element-ec3b14e elementor-section-full_width elementor-section-height-min-height elementor-section-items-stretch elementor-reverse-tablet elementor-reverse-mobile elementor-section-height-default\" data-id=\"ec3b14e\" data-element_type=\"section\">\n\t\t\t\t\t\t<div class=\"elementor-container elementor-column-gap-default\">\n\t\t\t\t\t\t\t<div class=\"elementor-row\">\n\t\t\t\t\t<div class=\"elementor-column elementor-col-50 elementor-top-column elementor-element elementor-element-57ec3c20\" data-id=\"57ec3c20\" data-element_type=\"column\" data-settings=\"{&quot;background_background&quot;:&quot;classic&quot;}\">\n\t\t\t<div class=\"elementor-column-wrap elementor-element-populated\">\n\t\t\t\t\t\t\t<div class=\"elementor-widget-wrap\">\n\t\t\t\t\t\t<div class=\"elementor-element elementor-element-d86544b elementor-widget elementor-widget-heading\" data-id=\"d86544b\" data-element_type=\"widget\" data-widget_type=\"heading.default\">\n\t\t\t\t<div class=\"elementor-widget-container\">\n\t\t\t<h1 class=\"elementor-heading-title elementor-size-default\">Notre Equipe<\/h1>\t\t<\/div>\n\t\t\t\t<\/div>\n\t\t\t\t<div class=\"elementor-element elementor-element-1ce0a42e elementor-widget elementor-widget-text-editor\" data-id=\"1ce0a42e\" data-element_type=\"widget\" data-widget_type=\"text-editor.default\">\n\t\t\t\t<div class=\"elementor-widget-container\">\n\t\t\t\t\t\t\t\t<div class=\"elementor-text-editor elementor-clearfix\">\n\t\t\t\t\t<p>Afikim operates 14 centers around Israel, with a staff of dozens of professional teachers, counselors and volunteers from Israel and abroad.<\/p>\n<p>Afikim\u2019s head offices are located in Jerusalem.<\/p>\n\t\t\t\t\t<\/div>\n\t\t\t\t\t\t<\/div>\n\t\t\t\t<\/div>\n\t\t\t\t\t\t<\/div>\n\t\t\t\t\t<\/div>\n\t\t<\/div>\n\t\t\t\t<div class=\"elementor-column elementor-col-50 elementor-top-column elementor-element elementor-element-10c63881 top-img\" data-id=\"10c63881\" data-element_type=\"column\" data-settings=\"{&quot;background_background&quot;:&quot;classic&quot;}\">\n\t\t\t<div class=\"elementor-column-wrap elementor-element-populated\">\n\t\t\t\t\t\t\t<div class=\"elementor-widget-wrap\">\n\t\t\t\t\t\t<div class=\"elementor-element elementor-element-423e55d elementor-widget elementor-widget-spacer\" data-id=\"423e55d\" data-element_type=\"widget\" data-widget_type=\"spacer.default\">\n\t\t\t\t<div class=\"elementor-widget-container\">\n\t\t\t\t\t<div class=\"elementor-spacer\">\n\t\t\t<div class=\"elementor-spacer-inner\"><\/div>\n\t\t<\/div>\n\t\t\t\t<\/div>\n\t\t\t\t<\/div>\n\t\t\t\t\t\t<\/div>\n\t\t\t\t\t<\/div>\n\t\t<\/div>\n\t\t\t\t\t\t\t\t<\/div>\n\t\t\t\t\t<\/div>\n\t\t<\/section>\n\t\t\t\t<section class=\"elementor-section elementor-top-section elementor-element elementor-element-7a93d5ce elementor-section-boxed elementor-section-height-default elementor-section-height-default\" data-id=\"7a93d5ce\" data-element_type=\"section\">\n\t\t\t\t\t\t<div class=\"elementor-container elementor-column-gap-default\">\n\t\t\t\t\t\t\t<div class=\"elementor-row\">\n\t\t\t\t\t<div class=\"elementor-column elementor-col-50 elementor-top-column elementor-element elementor-element-4ccdaf1d\" data-id=\"4ccdaf1d\" data-element_type=\"column\">\n\t\t\t<div class=\"elementor-column-wrap elementor-element-populated\">\n\t\t\t\t\t\t\t<div class=\"elementor-widget-wrap\">\n\t\t\t\t\t\t<div class=\"elementor-element elementor-element-22af8b14 elementor-widget elementor-widget-heading\" data-id=\"22af8b14\" data-element_type=\"widget\" data-widget_type=\"heading.default\">\n\t\t\t\t<div class=\"elementor-widget-container\">\n\t\t\t<h2 class=\"elementor-heading-title elementor-size-default\">Qui nous sommes<\/h2>\t\t<\/div>\n\t\t\t\t<\/div>\n\t\t\t\t<div class=\"elementor-element elementor-element-53a3fd98 elementor-nav-menu--dropdown-none inner-page-nav elementor-nav-menu--indicator-classic elementor-widget elementor-widget-nav-menu\" data-id=\"53a3fd98\" data-element_type=\"widget\" data-settings=\"{&quot;layout&quot;:&quot;vertical&quot;}\" data-widget_type=\"nav-menu.default\">\n\t\t\t\t<div class=\"elementor-widget-container\">\n\t\t\t\t\t\t<nav role=\"navigation\" class=\"elementor-nav-menu--main elementor-nav-menu__container elementor-nav-menu--layout-vertical e--pointer-none\"><ul id=\"menu-1-53a3fd98\" class=\"elementor-nav-menu sm-vertical\"><li class=\"menu-item menu-item-type-post_type menu-item-object-page menu-item-2883\"><a href=\"https:\/\/afikim.org\/fr\/qui-sommes-nous\/\" class=\"elementor-item\">Qui sommes-nous<\/a><\/li>\n<li class=\"menu-item menu-item-type-post_type menu-item-object-page menu-item-2884\"><a href=\"https:\/\/afikim.org\/fr\/qui-sommes-nous\/notre-mission\/\" class=\"elementor-item\">Notre mission<\/a><\/li>\n<li class=\"menu-item menu-item-type-post_type menu-item-object-page menu-item-2885\"><a href=\"https:\/\/afikim.org\/fr\/qui-sommes-nous\/notre-equipe\/\" class=\"elementor-item\">Notre Equipe<\/a><\/li>\n<li class=\"menu-item menu-item-type-post_type menu-item-object-page menu-item-2886\"><a href=\"https:\/\/afikim.org\/fr\/qui-sommes-nous\/nos-partenaires\/\" class=\"elementor-item\">Nos Partenaires<\/a><\/li>\n<li class=\"menu-item menu-item-type-post_type menu-item-object-page menu-item-4886\"><a href=\"https:\/\/afikim.org\/fr\/qui-sommes-nous\/endorsements\/\" class=\"elementor-item\">Lettres de recommandation<\/a><\/li>\n<li class=\"menu-item menu-item-type-post_type menu-item-object-page menu-item-4887\"><a href=\"https:\/\/afikim.org\/fr\/qui-sommes-nous\/appreciations\/\" class=\"elementor-item\">Appreciations<\/a><\/li>\n<\/ul><\/nav>\n\t\t\t\t\t<div class=\"elementor-menu-toggle\" role=\"button\" tabindex=\"0\" aria-label=\"Permuter le menu\" aria-expanded=\"false\">\n\t\t\t<i class=\"eicon-menu-bar\" aria-hidden=\"true\"><\/i>\n\t\t\t<span class=\"elementor-screen-only\">Menu<\/span>\n\t\t<\/div>\n\t\t\t<nav class=\"elementor-nav-menu--dropdown elementor-nav-menu__container\" role=\"navigation\" aria-hidden=\"true\"><ul id=\"menu-2-53a3fd98\" class=\"elementor-nav-menu sm-vertical\"><li class=\"menu-item menu-item-type-post_type menu-item-object-page menu-item-2883\"><a href=\"https:\/\/afikim.org\/fr\/qui-sommes-nous\/\" class=\"elementor-item\">Qui sommes-nous<\/a><\/li>\n<li class=\"menu-item menu-item-type-post_type menu-item-object-page menu-item-2884\"><a href=\"https:\/\/afikim.org\/fr\/qui-sommes-nous\/notre-mission\/\" class=\"elementor-item\">Notre mission<\/a><\/li>\n<li class=\"menu-item menu-item-type-post_type menu-item-object-page menu-item-2885\"><a href=\"https:\/\/afikim.org\/fr\/qui-sommes-nous\/notre-equipe\/\" class=\"elementor-item\">Notre Equipe<\/a><\/li>\n<li class=\"menu-item menu-item-type-post_type menu-item-object-page menu-item-2886\"><a href=\"https:\/\/afikim.org\/fr\/qui-sommes-nous\/nos-partenaires\/\" class=\"elementor-item\">Nos Partenaires<\/a><\/li>\n<li class=\"menu-item menu-item-type-post_type menu-item-object-page menu-item-4886\"><a href=\"https:\/\/afikim.org\/fr\/qui-sommes-nous\/endorsements\/\" class=\"elementor-item\">Lettres de recommandation<\/a><\/li>\n<li class=\"menu-item menu-item-type-post_type menu-item-object-page menu-item-4887\"><a href=\"https:\/\/afikim.org\/fr\/qui-sommes-nous\/appreciations\/\" class=\"elementor-item\">Appreciations<\/a><\/li>\n<\/ul><\/nav>\n\t\t\t\t<\/div>\n\t\t\t\t<\/div>\n\t\t\t\t\t\t<\/div>\n\t\t\t\t\t<\/div>\n\t\t<\/div>\n\t\t\t\t<div class=\"elementor-column elementor-col-50 elementor-top-column elementor-element elementor-element-33ddb7a9\" data-id=\"33ddb7a9\" data-element_type=\"column\">\n\t\t\t<div class=\"elementor-column-wrap elementor-element-populated\">\n\t\t\t\t\t\t\t<div class=\"elementor-widget-wrap\">\n\t\t\t\t\t\t<section class=\"elementor-section elementor-inner-section elementor-element elementor-element-7553e3b elementor-section-boxed elementor-section-height-default elementor-section-height-default\" data-id=\"7553e3b\" data-element_type=\"section\">\n\t\t\t\t\t\t<div class=\"elementor-container elementor-column-gap-default\">\n\t\t\t\t\t\t\t<div class=\"elementor-row\">\n\t\t\t\t\t<div class=\"elementor-column elementor-col-50 elementor-inner-column elementor-element elementor-element-63d5c5d\" data-id=\"63d5c5d\" data-element_type=\"column\">\n\t\t\t<div class=\"elementor-column-wrap elementor-element-populated\">\n\t\t\t\t\t\t\t<div class=\"elementor-widget-wrap\">\n\t\t\t\t\t\t<div class=\"elementor-element elementor-element-e1e31c3 elementor-widget elementor-widget-image\" data-id=\"e1e31c3\" data-element_type=\"widget\" data-widget_type=\"image.default\">\n\t\t\t\t<div class=\"elementor-widget-container\">\n\t\t\t\t\t\t\t\t<div class=\"elementor-image\">\n\t\t\t\t\t\t\t\t\t\t\t\t<img width=\"682\" height=\"1024\" src=\"https:\/\/afikim.org\/wp-content\/uploads\/2020\/10\/Moshe-Lebkowitz-682x1024.jpg\" class=\"attachment-large size-large\" alt=\"\" loading=\"lazy\" srcset=\"https:\/\/afikim.org\/wp-content\/uploads\/2020\/10\/Moshe-Lebkowitz-682x1024.jpg 682w, https:\/\/afikim.org\/wp-content\/uploads\/2020\/10\/Moshe-Lebkowitz-scaled-600x901.jpg 600w, https:\/\/afikim.org\/wp-content\/uploads\/2020\/10\/Moshe-Lebkowitz-200x300.jpg 200w, https:\/\/afikim.org\/wp-content\/uploads\/2020\/10\/Moshe-Lebkowitz-768x1153.jpg 768w, https:\/\/afikim.org\/wp-content\/uploads\/2020\/10\/Moshe-Lebkowitz-1023x1536.jpg 1023w, https:\/\/afikim.org\/wp-content\/uploads\/2020\/10\/Moshe-Lebkowitz-1364x2048.jpg 1364w, https:\/\/afikim.org\/wp-content\/uploads\/2020\/10\/Moshe-Lebkowitz-scaled.jpg 1705w\" sizes=\"(max-width: 682px) 100vw, 682px\" \/>\t\t\t\t\t\t\t\t\t\t\t\t\t\t<\/div>\n\t\t\t\t\t\t<\/div>\n\t\t\t\t<\/div>\n\t\t\t\t\t\t<\/div>\n\t\t\t\t\t<\/div>\n\t\t<\/div>\n\t\t\t\t<div class=\"elementor-column elementor-col-50 elementor-inner-column elementor-element elementor-element-0f1c40b\" data-id=\"0f1c40b\" data-element_type=\"column\">\n\t\t\t<div class=\"elementor-column-wrap elementor-element-populated\">\n\t\t\t\t\t\t\t<div class=\"elementor-widget-wrap\">\n\t\t\t\t\t\t<div class=\"elementor-element elementor-element-c2c0302 elementor-widget elementor-widget-heading\" data-id=\"c2c0302\" data-element_type=\"widget\" data-widget_type=\"heading.default\">\n\t\t\t\t<div class=\"elementor-widget-container\">\n\t\t\t<h2 class=\"elementor-heading-title elementor-size-default\">Mosh\u00e9 Levkowitz, Directeur G\u00e9n\u00e9ral<\/h2>\t\t<\/div>\n\t\t\t\t<\/div>\n\t\t\t\t<div class=\"elementor-element elementor-element-5b51fbf elementor-icon-list--layout-traditional elementor-list-item-link-full_width elementor-widget elementor-widget-icon-list\" data-id=\"5b51fbf\" data-element_type=\"widget\" data-widget_type=\"icon-list.default\">\n\t\t\t\t<div class=\"elementor-widget-container\">\n\t\t\t\t\t<ul class=\"elementor-icon-list-items\">\n\t\t\t\t\t\t\t<li class=\"elementor-icon-list-item\">\n\t\t\t\t\t<a href=\"mailto:moshe@afikim.org\">\t\t\t\t\t\t<span class=\"elementor-icon-list-icon\">\n\t\t\t\t\t\t\t<i aria-hidden=\"true\" class=\"fas fa-envelope\"><\/i>\t\t\t\t\t\t<\/span>\n\t\t\t\t\t\t\t\t\t\t<span class=\"elementor-icon-list-text\">moshe@afikim.org<\/span>\n\t\t\t\t\t\t\t\t\t\t\t<\/a>\n\t\t\t\t\t\t\t\t\t<\/li>\n\t\t\t\t\t\t<\/ul>\n\t\t\t\t<\/div>\n\t\t\t\t<\/div>\n\t\t\t\t<div class=\"elementor-element elementor-element-a37716e elementor-widget elementor-widget-text-editor\" data-id=\"a37716e\" data-element_type=\"widget\" data-widget_type=\"text-editor.default\">\n\t\t\t\t<div class=\"elementor-widget-container\">\n\t\t\t\t\t\t\t\t<div class=\"elementor-text-editor elementor-clearfix\">\n\t\t\t\t\t<p>n \u00e9ducateur dont la famille a fait partie des fondateurs de la communaut\u00e9 juive moderne de Safed. L&rsquo;engagement de Mosh\u00e9 en faveur des d\u00e9sh\u00e9rit\u00e9s se combine avec une incroyable \u00e9nergie et un sens particulier de l&rsquo;organisation. Gr\u00e2ce \u00e0 ses qualit\u00e9s, Mosh\u00e9 a construit et a d\u00e9velopp\u00e9 l&rsquo;infrastructure de M\u00e9\u00efr Panim.<\/p>\n<p>Sous sa direction, l&rsquo;association s&rsquo;est agrandie et a pu nourrir et prendre soin de milliers d&rsquo;hommes, de femmes et d&rsquo;enfants. Fort de ses succ\u00e8s, il \u00e9tait pour nous \u00e9vident que Mosh\u00e9 conviendrait parfaitement pour notre association qui veut prendre en charge les familles d\u00e9favoris\u00e9es dans leur globalit\u00e9. Mosh\u00e9 permet \u00e0 Afikim d&rsquo;\u00eatre bien structur\u00e9e afin d&rsquo;aider les jeunes \u00e0 sortir du cercle de la pauvret\u00e9 et d&rsquo;enrichir l&rsquo;\u00e2me de la nation juive.<\/p>\n\t\t\t\t\t<\/div>\n\t\t\t\t\t\t<\/div>\n\t\t\t\t<\/div>\n\t\t\t\t\t\t<\/div>\n\t\t\t\t\t<\/div>\n\t\t<\/div>\n\t\t\t\t\t\t\t\t<\/div>\n\t\t\t\t\t<\/div>\n\t\t<\/section>\n\t\t\t\t<section class=\"elementor-section elementor-inner-section elementor-element elementor-element-41990aa elementor-section-boxed elementor-section-height-default elementor-section-height-default\" data-id=\"41990aa\" data-element_type=\"section\">\n\t\t\t\t\t\t<div class=\"elementor-container elementor-column-gap-default\">\n\t\t\t\t\t\t\t<div class=\"elementor-row\">\n\t\t\t\t\t<div class=\"elementor-column elementor-col-50 elementor-inner-column elementor-element elementor-element-13e5aac\" data-id=\"13e5aac\" data-element_type=\"column\">\n\t\t\t<div class=\"elementor-column-wrap elementor-element-populated\">\n\t\t\t\t\t\t\t<div class=\"elementor-widget-wrap\">\n\t\t\t\t\t\t<div class=\"elementor-element elementor-element-1d62829 elementor-widget elementor-widget-image\" data-id=\"1d62829\" data-element_type=\"widget\" data-widget_type=\"image.default\">\n\t\t\t\t<div class=\"elementor-widget-container\">\n\t\t\t\t\t\t\t\t<div class=\"elementor-image\">\n\t\t\t\t\t\t\t\t\t\t\t\t<img width=\"683\" height=\"1024\" src=\"https:\/\/afikim.org\/wp-content\/uploads\/2020\/10\/Hila-Elimelech-683x1024.jpg\" class=\"attachment-large size-large\" alt=\"\" loading=\"lazy\" srcset=\"https:\/\/afikim.org\/wp-content\/uploads\/2020\/10\/Hila-Elimelech-683x1024.jpg 683w, https:\/\/afikim.org\/wp-content\/uploads\/2020\/10\/Hila-Elimelech-scaled-600x899.jpg 600w, https:\/\/afikim.org\/wp-content\/uploads\/2020\/10\/Hila-Elimelech-200x300.jpg 200w, https:\/\/afikim.org\/wp-content\/uploads\/2020\/10\/Hila-Elimelech-768x1151.jpg 768w, https:\/\/afikim.org\/wp-content\/uploads\/2020\/10\/Hila-Elimelech-1025x1536.jpg 1025w, https:\/\/afikim.org\/wp-content\/uploads\/2020\/10\/Hila-Elimelech-1366x2048.jpg 1366w, https:\/\/afikim.org\/wp-content\/uploads\/2020\/10\/Hila-Elimelech-scaled.jpg 1708w\" sizes=\"(max-width: 683px) 100vw, 683px\" \/>\t\t\t\t\t\t\t\t\t\t\t\t\t\t<\/div>\n\t\t\t\t\t\t<\/div>\n\t\t\t\t<\/div>\n\t\t\t\t\t\t<\/div>\n\t\t\t\t\t<\/div>\n\t\t<\/div>\n\t\t\t\t<div class=\"elementor-column elementor-col-50 elementor-inner-column elementor-element elementor-element-627468d\" data-id=\"627468d\" data-element_type=\"column\">\n\t\t\t<div class=\"elementor-column-wrap elementor-element-populated\">\n\t\t\t\t\t\t\t<div class=\"elementor-widget-wrap\">\n\t\t\t\t\t\t<div class=\"elementor-element elementor-element-9c35e1c elementor-widget elementor-widget-heading\" data-id=\"9c35e1c\" data-element_type=\"widget\" data-widget_type=\"heading.default\">\n\t\t\t\t<div class=\"elementor-widget-container\">\n\t\t\t<h2 class=\"elementor-heading-title elementor-size-default\">Hila Elimelech, District Counselor for the Jerusalem Region and Pedagogical Director<\/h2>\t\t<\/div>\n\t\t\t\t<\/div>\n\t\t\t\t<div class=\"elementor-element elementor-element-a6b2906 elementor-widget elementor-widget-text-editor\" data-id=\"a6b2906\" data-element_type=\"widget\" data-widget_type=\"text-editor.default\">\n\t\t\t\t<div class=\"elementor-widget-container\">\n\t\t\t\t\t\t\t\t<div class=\"elementor-text-editor elementor-clearfix\">\n\t\t\t\t\t<p>Hila headed Afikim\u2019s branch in Ramot, Jerusalem, for 4 years when she was appointed the counselor of all Afikim\u2019s learning centers in Jerusalem. She is responsible for constructing Afikim\u2019s educational programs and activities.<\/p>\n\t\t\t\t\t<\/div>\n\t\t\t\t\t\t<\/div>\n\t\t\t\t<\/div>\n\t\t\t\t\t\t<\/div>\n\t\t\t\t\t<\/div>\n\t\t<\/div>\n\t\t\t\t\t\t\t\t<\/div>\n\t\t\t\t\t<\/div>\n\t\t<\/section>\n\t\t\t\t<section class=\"elementor-section elementor-inner-section elementor-element elementor-element-55503fb elementor-section-boxed elementor-section-height-default elementor-section-height-default\" data-id=\"55503fb\" data-element_type=\"section\">\n\t\t\t\t\t\t<div class=\"elementor-container elementor-column-gap-default\">\n\t\t\t\t\t\t\t<div class=\"elementor-row\">\n\t\t\t\t\t<div class=\"elementor-column elementor-col-50 elementor-inner-column elementor-element elementor-element-f06f6b6\" data-id=\"f06f6b6\" data-element_type=\"column\">\n\t\t\t<div class=\"elementor-column-wrap elementor-element-populated\">\n\t\t\t\t\t\t\t<div class=\"elementor-widget-wrap\">\n\t\t\t\t\t\t<div class=\"elementor-element elementor-element-557033e elementor-widget elementor-widget-image\" data-id=\"557033e\" data-element_type=\"widget\" data-widget_type=\"image.default\">\n\t\t\t\t<div class=\"elementor-widget-container\">\n\t\t\t\t\t\t\t\t<div class=\"elementor-image\">\n\t\t\t\t\t\t\t\t\t\t\t\t<img width=\"576\" height=\"855\" src=\"https:\/\/afikim.org\/wp-content\/uploads\/2020\/10\/WhatsApp-Image-2020-10-18-at-13.24.54.jpeg\" class=\"attachment-large size-large\" alt=\"\" loading=\"lazy\" srcset=\"https:\/\/afikim.org\/wp-content\/uploads\/2020\/10\/WhatsApp-Image-2020-10-18-at-13.24.54.jpeg 576w, https:\/\/afikim.org\/wp-content\/uploads\/2020\/10\/WhatsApp-Image-2020-10-18-at-13.24.54-202x300.jpeg 202w\" sizes=\"(max-width: 576px) 100vw, 576px\" \/>\t\t\t\t\t\t\t\t\t\t\t\t\t\t<\/div>\n\t\t\t\t\t\t<\/div>\n\t\t\t\t<\/div>\n\t\t\t\t\t\t<\/div>\n\t\t\t\t\t<\/div>\n\t\t<\/div>\n\t\t\t\t<div class=\"elementor-column elementor-col-50 elementor-inner-column elementor-element elementor-element-c5dff6c\" data-id=\"c5dff6c\" data-element_type=\"column\">\n\t\t\t<div class=\"elementor-column-wrap elementor-element-populated\">\n\t\t\t\t\t\t\t<div class=\"elementor-widget-wrap\">\n\t\t\t\t\t\t<div class=\"elementor-element elementor-element-0acbeb3 elementor-widget elementor-widget-heading\" data-id=\"0acbeb3\" data-element_type=\"widget\" data-widget_type=\"heading.default\">\n\t\t\t\t<div class=\"elementor-widget-container\">\n\t\t\t<h2 class=\"elementor-heading-title elementor-size-default\"> Rachel Malada<\/h2>\t\t<\/div>\n\t\t\t\t<\/div>\n\t\t\t\t\t\t<\/div>\n\t\t\t\t\t<\/div>\n\t\t<\/div>\n\t\t\t\t\t\t\t\t<\/div>\n\t\t\t\t\t<\/div>\n\t\t<\/section>\n\t\t\t\t<section class=\"elementor-section elementor-inner-section elementor-element elementor-element-eb2f51a elementor-section-boxed elementor-section-height-default elementor-section-height-default\" data-id=\"eb2f51a\" data-element_type=\"section\">\n\t\t\t\t\t\t<div class=\"elementor-container elementor-column-gap-default\">\n\t\t\t\t\t\t\t<div class=\"elementor-row\">\n\t\t\t\t\t<div class=\"elementor-column elementor-col-50 elementor-inner-column elementor-element elementor-element-f6a8237\" data-id=\"f6a8237\" data-element_type=\"column\">\n\t\t\t<div class=\"elementor-column-wrap elementor-element-populated\">\n\t\t\t\t\t\t\t<div class=\"elementor-widget-wrap\">\n\t\t\t\t\t\t<div class=\"elementor-element elementor-element-c217c5b elementor-widget elementor-widget-image\" data-id=\"c217c5b\" data-element_type=\"widget\" data-widget_type=\"image.default\">\n\t\t\t\t<div class=\"elementor-widget-container\">\n\t\t\t\t\t\t\t\t<div class=\"elementor-image\">\n\t\t\t\t\t\t\t\t\t\t\t\t<img width=\"500\" height=\"500\" src=\"https:\/\/afikim.org\/wp-content\/uploads\/2020\/08\/staff3.png\" class=\"attachment-large size-large\" alt=\"\" loading=\"lazy\" srcset=\"https:\/\/afikim.org\/wp-content\/uploads\/2020\/08\/staff3.png 500w, https:\/\/afikim.org\/wp-content\/uploads\/2020\/08\/staff3-300x300.png 300w, https:\/\/afikim.org\/wp-content\/uploads\/2020\/08\/staff3-100x100.png 100w, https:\/\/afikim.org\/wp-content\/uploads\/2020\/08\/staff3-150x150.png 150w\" sizes=\"(max-width: 500px) 100vw, 500px\" \/>\t\t\t\t\t\t\t\t\t\t\t\t\t\t<\/div>\n\t\t\t\t\t\t<\/div>\n\t\t\t\t<\/div>\n\t\t\t\t\t\t<\/div>\n\t\t\t\t\t<\/div>\n\t\t<\/div>\n\t\t\t\t<div class=\"elementor-column elementor-col-50 elementor-inner-column elementor-element elementor-element-ab54f93\" data-id=\"ab54f93\" data-element_type=\"column\">\n\t\t\t<div class=\"elementor-column-wrap elementor-element-populated\">\n\t\t\t\t\t\t\t<div class=\"elementor-widget-wrap\">\n\t\t\t\t\t\t<div class=\"elementor-element elementor-element-88e6e9c elementor-widget elementor-widget-heading\" data-id=\"88e6e9c\" data-element_type=\"widget\" data-widget_type=\"heading.default\">\n\t\t\t\t<div class=\"elementor-widget-container\">\n\t\t\t<h2 class=\"elementor-heading-title elementor-size-default\">Anna Pokidov, Director of Afikim, Lod<\/h2>\t\t<\/div>\n\t\t\t\t<\/div>\n\t\t\t\t<div class=\"elementor-element elementor-element-24557e9 elementor-widget elementor-widget-text-editor\" data-id=\"24557e9\" data-element_type=\"widget\" data-widget_type=\"text-editor.default\">\n\t\t\t\t<div class=\"elementor-widget-container\">\n\t\t\t\t\t\t\t\t<div class=\"elementor-text-editor elementor-clearfix\">\n\t\t\t\t\t<p>Anna is one of the older residents of the Ganei Aviv neighborhood, where she serves as the absorption coordinator for the Municipality of Lod. She spends a vast part of her time working with families, whom she knows personally, and for 6 years has headed the Lod branch of Afikim, which helps children in primary and junior high grades.<\/p>\n\t\t\t\t\t<\/div>\n\t\t\t\t\t\t<\/div>\n\t\t\t\t<\/div>\n\t\t\t\t\t\t<\/div>\n\t\t\t\t\t<\/div>\n\t\t<\/div>\n\t\t\t\t\t\t\t\t<\/div>\n\t\t\t\t\t<\/div>\n\t\t<\/section>\n\t\t\t\t<section class=\"elementor-section elementor-inner-section elementor-element elementor-element-9dff1b0 elementor-section-boxed elementor-section-height-default elementor-section-height-default\" data-id=\"9dff1b0\" data-element_type=\"section\">\n\t\t\t\t\t\t<div class=\"elementor-container elementor-column-gap-default\">\n\t\t\t\t\t\t\t<div class=\"elementor-row\">\n\t\t\t\t\t<div class=\"elementor-column elementor-col-50 elementor-inner-column elementor-element elementor-element-acb42cb\" data-id=\"acb42cb\" data-element_type=\"column\">\n\t\t\t<div class=\"elementor-column-wrap elementor-element-populated\">\n\t\t\t\t\t\t\t<div class=\"elementor-widget-wrap\">\n\t\t\t\t\t\t<div class=\"elementor-element elementor-element-dabf81d elementor-widget elementor-widget-image\" data-id=\"dabf81d\" data-element_type=\"widget\" data-widget_type=\"image.default\">\n\t\t\t\t<div class=\"elementor-widget-container\">\n\t\t\t\t\t\t\t\t<div class=\"elementor-image\">\n\t\t\t\t\t\t\t\t\t\t\t\t<img width=\"500\" height=\"500\" src=\"https:\/\/afikim.org\/wp-content\/uploads\/2020\/08\/staff4.png\" class=\"attachment-large size-large\" alt=\"\" loading=\"lazy\" srcset=\"https:\/\/afikim.org\/wp-content\/uploads\/2020\/08\/staff4.png 500w, https:\/\/afikim.org\/wp-content\/uploads\/2020\/08\/staff4-300x300.png 300w, https:\/\/afikim.org\/wp-content\/uploads\/2020\/08\/staff4-100x100.png 100w, https:\/\/afikim.org\/wp-content\/uploads\/2020\/08\/staff4-150x150.png 150w\" sizes=\"(max-width: 500px) 100vw, 500px\" \/>\t\t\t\t\t\t\t\t\t\t\t\t\t\t<\/div>\n\t\t\t\t\t\t<\/div>\n\t\t\t\t<\/div>\n\t\t\t\t\t\t<\/div>\n\t\t\t\t\t<\/div>\n\t\t<\/div>\n\t\t\t\t<div class=\"elementor-column elementor-col-50 elementor-inner-column elementor-element elementor-element-36f9468\" data-id=\"36f9468\" data-element_type=\"column\">\n\t\t\t<div class=\"elementor-column-wrap elementor-element-populated\">\n\t\t\t\t\t\t\t<div class=\"elementor-widget-wrap\">\n\t\t\t\t\t\t<div class=\"elementor-element elementor-element-3e0139a elementor-widget elementor-widget-heading\" data-id=\"3e0139a\" data-element_type=\"widget\" data-widget_type=\"heading.default\">\n\t\t\t\t<div class=\"elementor-widget-container\">\n\t\t\t<h2 class=\"elementor-heading-title elementor-size-default\">Ohad Asraf, Director of Afikim, Kiryat Malachi<\/h2>\t\t<\/div>\n\t\t\t\t<\/div>\n\t\t\t\t<div class=\"elementor-element elementor-element-e64b51d elementor-widget elementor-widget-text-editor\" data-id=\"e64b51d\" data-element_type=\"widget\" data-widget_type=\"text-editor.default\">\n\t\t\t\t<div class=\"elementor-widget-container\">\n\t\t\t\t\t\t\t\t<div class=\"elementor-text-editor elementor-clearfix\">\n\t\t\t\t\t<p>Born in Kiryat Malachi and a current resident of Ashkelon, Ohad is an avid soccer player and the deputy principal of the Amit Junior High and High School. Ohad has headed the Afikim Center in Kiryat Malachi since its establishment 8 years ago. He is an outstanding educator, who focuses not only on help and giving, but also on turning children into givers and helpers.<\/p>\n\t\t\t\t\t<\/div>\n\t\t\t\t\t\t<\/div>\n\t\t\t\t<\/div>\n\t\t\t\t\t\t<\/div>\n\t\t\t\t\t<\/div>\n\t\t<\/div>\n\t\t\t\t\t\t\t\t<\/div>\n\t\t\t\t\t<\/div>\n\t\t<\/section>\n\t\t\t\t<section class=\"elementor-section elementor-inner-section elementor-element elementor-element-1c2fb8f elementor-section-boxed elementor-section-height-default elementor-section-height-default\" data-id=\"1c2fb8f\" data-element_type=\"section\">\n\t\t\t\t\t\t<div class=\"elementor-container elementor-column-gap-default\">\n\t\t\t\t\t\t\t<div class=\"elementor-row\">\n\t\t\t\t\t<div class=\"elementor-column elementor-col-50 elementor-inner-column elementor-element elementor-element-929f320\" data-id=\"929f320\" data-element_type=\"column\">\n\t\t\t<div class=\"elementor-column-wrap elementor-element-populated\">\n\t\t\t\t\t\t\t<div class=\"elementor-widget-wrap\">\n\t\t\t\t\t\t<div class=\"elementor-element elementor-element-ed1dea6 elementor-widget elementor-widget-image\" data-id=\"ed1dea6\" data-element_type=\"widget\" data-widget_type=\"image.default\">\n\t\t\t\t<div class=\"elementor-widget-container\">\n\t\t\t\t\t\t\t\t<div class=\"elementor-image\">\n\t\t\t\t\t\t\t\t\t\t\t\t<img width=\"500\" height=\"500\" src=\"https:\/\/afikim.org\/wp-content\/uploads\/2020\/08\/staff5.png\" class=\"attachment-large size-large\" alt=\"\" loading=\"lazy\" srcset=\"https:\/\/afikim.org\/wp-content\/uploads\/2020\/08\/staff5.png 500w, https:\/\/afikim.org\/wp-content\/uploads\/2020\/08\/staff5-300x300.png 300w, https:\/\/afikim.org\/wp-content\/uploads\/2020\/08\/staff5-100x100.png 100w, https:\/\/afikim.org\/wp-content\/uploads\/2020\/08\/staff5-150x150.png 150w\" sizes=\"(max-width: 500px) 100vw, 500px\" \/>\t\t\t\t\t\t\t\t\t\t\t\t\t\t<\/div>\n\t\t\t\t\t\t<\/div>\n\t\t\t\t<\/div>\n\t\t\t\t\t\t<\/div>\n\t\t\t\t\t<\/div>\n\t\t<\/div>\n\t\t\t\t<div class=\"elementor-column elementor-col-50 elementor-inner-column elementor-element elementor-element-64fd923\" data-id=\"64fd923\" data-element_type=\"column\">\n\t\t\t<div class=\"elementor-column-wrap elementor-element-populated\">\n\t\t\t\t\t\t\t<div class=\"elementor-widget-wrap\">\n\t\t\t\t\t\t<div class=\"elementor-element elementor-element-6d1539c elementor-widget elementor-widget-heading\" data-id=\"6d1539c\" data-element_type=\"widget\" data-widget_type=\"heading.default\">\n\t\t\t\t<div class=\"elementor-widget-container\">\n\t\t\t<h2 class=\"elementor-heading-title elementor-size-default\">Nava Algali, Director of Afikim, Kiryat Shmona<\/h2>\t\t<\/div>\n\t\t\t\t<\/div>\n\t\t\t\t<div class=\"elementor-element elementor-element-703b3cf elementor-widget elementor-widget-text-editor\" data-id=\"703b3cf\" data-element_type=\"widget\" data-widget_type=\"text-editor.default\">\n\t\t\t\t<div class=\"elementor-widget-container\">\n\t\t\t\t\t\t\t\t<div class=\"elementor-text-editor elementor-clearfix\">\n\t\t\t\t\t<p>Born in Moshav Dalton in the Upper Galilee and a current resident of Kiryat Shmona, Nava serves as a counselor and assistant teacher to local drop-out children through the Kiryat Hanoar \u2013 Kiryat Shmona program. For the past seven years Nava has headed the Afikim branch for primary school children, investing her energies in the child\u2019s personal image and a close relationship with the children and their families.<\/p>\n\t\t\t\t\t<\/div>\n\t\t\t\t\t\t<\/div>\n\t\t\t\t<\/div>\n\t\t\t\t\t\t<\/div>\n\t\t\t\t\t<\/div>\n\t\t<\/div>\n\t\t\t\t\t\t\t\t<\/div>\n\t\t\t\t\t<\/div>\n\t\t<\/section>\n\t\t\t\t\t\t<\/div>\n\t\t\t\t\t<\/div>\n\t\t<\/div>\n\t\t\t\t\t\t\t\t<\/div>\n\t\t\t\t\t<\/div>\n\t\t<\/section>\n\t\t\t\t<section class=\"elementor-section elementor-top-section elementor-element elementor-element-5faa98dd elementor-section-full_width elementor-section-height-default elementor-section-height-default\" data-id=\"5faa98dd\" data-element_type=\"section\">\n\t\t\t\t\t\t<div class=\"elementor-container elementor-column-gap-default\">\n\t\t\t\t\t\t\t<div class=\"elementor-row\">\n\t\t\t\t\t<div class=\"elementor-column elementor-col-100 elementor-top-column elementor-element elementor-element-68016137\" data-id=\"68016137\" data-element_type=\"column\">\n\t\t\t<div class=\"elementor-column-wrap elementor-element-populated\">\n\t\t\t\t\t\t\t<div class=\"elementor-widget-wrap\">\n\t\t\t\t\t\t<div class=\"elementor-element elementor-element-1144545a elementor-widget elementor-widget-template\" data-id=\"1144545a\" data-element_type=\"widget\" data-widget_type=\"template.default\">\n\t\t\t\t<div class=\"elementor-widget-container\">\n\t\t\t\t\t<div class=\"elementor-template\">\n\t\t\t\t\t<div data-elementor-type=\"section\" data-elementor-id=\"222\" class=\"elementor elementor-222\" data-elementor-settings=\"[]\">\n\t\t<div class=\"elementor-section-wrap\">\n\t\t\t\t\t<section class=\"elementor-section elementor-top-section elementor-element elementor-element-3c31a1e0 elementor-section-height-min-height elementor-section-boxed elementor-section-height-default elementor-section-items-middle\" data-id=\"3c31a1e0\" data-element_type=\"section\" data-settings=\"{&quot;background_background&quot;:&quot;classic&quot;}\">\n\t\t\t\t\t\t\t<div class=\"elementor-background-overlay\"><\/div>\n\t\t\t\t\t\t\t<div class=\"elementor-container elementor-column-gap-default\">\n\t\t\t\t\t\t\t<div class=\"elementor-row\">\n\t\t\t\t\t<div class=\"elementor-column elementor-col-100 elementor-top-column elementor-element elementor-element-bc5cd99\" data-id=\"bc5cd99\" data-element_type=\"column\">\n\t\t\t<div class=\"elementor-column-wrap elementor-element-populated\">\n\t\t\t\t\t\t\t<div class=\"elementor-widget-wrap\">\n\t\t\t\t\t\t<div class=\"elementor-element elementor-element-4474ae72 elementor-widget elementor-widget-heading\" data-id=\"4474ae72\" data-element_type=\"widget\" data-widget_type=\"heading.default\">\n\t\t\t\t<div class=\"elementor-widget-container\">\n\t\t\t<h2 class=\"elementor-heading-title elementor-size-default\">We need your help!<\/h2>\t\t<\/div>\n\t\t\t\t<\/div>\n\t\t\t\t<div class=\"elementor-element elementor-element-c3fe649 elementor-blockquote--skin-clean elementor-blockquote--align-center elementor-blockquote--button-color-official elementor-widget elementor-widget-blockquote\" data-id=\"c3fe649\" data-element_type=\"widget\" data-widget_type=\"blockquote.default\">\n\t\t\t\t<div class=\"elementor-widget-container\">\n\t\t\t\t\t<blockquote class=\"elementor-blockquote\">\n\t\t\t<p class=\"elementor-blockquote__content\">\n\t\t\t\tLove, joy & happiness \u2013 these are the gifts the children receive at the Afikim center. Not to mention \u2013 attention, kindness, a comforting atmosphere, academic help and, of course, a warm meal. \n\t\t\t<\/p>\n\t\t\t\t\t<\/blockquote>\n\t\t\t\t<\/div>\n\t\t\t\t<\/div>\n\t\t\t\t<div class=\"elementor-element elementor-element-1f924a89 elementor-align-justify elementor-widget__width-initial elementor-widget elementor-widget-button\" data-id=\"1f924a89\" data-element_type=\"widget\" data-widget_type=\"button.default\">\n\t\t\t\t<div class=\"elementor-widget-container\">\n\t\t\t\t\t<div class=\"elementor-button-wrapper\">\n\t\t\t<a href=\"https:\/\/afikim.org\/donate\/\" class=\"elementor-button-link elementor-button elementor-size-sm\" role=\"button\">\n\t\t\t\t\t\t<span class=\"elementor-button-content-wrapper\">\n\t\t\t\t\t\t<span class=\"elementor-button-text\">Donate today<\/span>\n\t\t<\/span>\n\t\t\t\t\t<\/a>\n\t\t<\/div>\n\t\t\t\t<\/div>\n\t\t\t\t<\/div>\n\t\t\t\t\t\t<\/div>\n\t\t\t\t\t<\/div>\n\t\t<\/div>\n\t\t\t\t\t\t\t\t<\/div>\n\t\t\t\t\t<\/div>\n\t\t<\/section>\n\t\t\t\t<\/div>\n\t\t<\/div>\n\t\t\t\t<\/div>\n\t\t\t\t<\/div>\n\t\t\t\t<\/div>\n\t\t\t\t\t\t<\/div>\n\t\t\t\t\t<\/div>\n\t\t<\/div>\n\t\t\t\t\t\t\t\t<\/div>\n\t\t\t\t\t<\/div>\n\t\t<\/section>\n\t\t\t\t<section class=\"elementor-section elementor-top-section elementor-element elementor-element-62ab2428 elementor-section-full_width elementor-section-height-default elementor-section-height-default\" data-id=\"62ab2428\" data-element_type=\"section\">\n\t\t\t\t\t\t<div class=\"elementor-container elementor-column-gap-default\">\n\t\t\t\t\t\t\t<div class=\"elementor-row\">\n\t\t\t\t\t<div class=\"elementor-column elementor-col-100 elementor-top-column elementor-element elementor-element-107d558f\" data-id=\"107d558f\" data-element_type=\"column\">\n\t\t\t<div class=\"elementor-column-wrap elementor-element-populated\">\n\t\t\t\t\t\t\t<div class=\"elementor-widget-wrap\">\n\t\t\t\t\t\t<div class=\"elementor-element elementor-element-26ef9569 elementor-widget elementor-widget-template\" data-id=\"26ef9569\" data-element_type=\"widget\" data-widget_type=\"template.default\">\n\t\t\t\t<div class=\"elementor-widget-container\">\n\t\t\t\t\t<div class=\"elementor-template\">\n\t\t\t\t\t<div data-elementor-type=\"section\" data-elementor-id=\"225\" class=\"elementor elementor-225\" data-elementor-settings=\"[]\">\n\t\t<div class=\"elementor-section-wrap\">\n\t\t\t\t\t<section class=\"elementor-section elementor-top-section elementor-element elementor-element-75b30fd7 elementor-section-boxed elementor-section-height-default elementor-section-height-default\" data-id=\"75b30fd7\" data-element_type=\"section\">\n\t\t\t\t\t\t<div class=\"elementor-container elementor-column-gap-default\">\n\t\t\t\t\t\t\t<div class=\"elementor-row\">\n\t\t\t\t\t<div class=\"elementor-column elementor-col-100 elementor-top-column elementor-element elementor-element-4364ef38\" data-id=\"4364ef38\" data-element_type=\"column\">\n\t\t\t<div class=\"elementor-column-wrap elementor-element-populated\">\n\t\t\t\t\t\t\t<div class=\"elementor-widget-wrap\">\n\t\t\t\t\t\t<div class=\"elementor-element elementor-element-1c13b848 elementor-widget__width-auto elementor-widget elementor-widget-heading\" data-id=\"1c13b848\" data-element_type=\"widget\" data-widget_type=\"heading.default\">\n\t\t\t\t<div class=\"elementor-widget-container\">\n\t\t\t<h2 class=\"elementor-heading-title elementor-size-default\">News &  Updates<\/h2>\t\t<\/div>\n\t\t\t\t<\/div>\n\t\t\t\t<div class=\"elementor-element elementor-element-72cce7f1 home-posts elementor-grid-3 elementor-grid-tablet-2 elementor-grid-mobile-1 elementor-posts--thumbnail-top elementor-widget elementor-widget-posts\" data-id=\"72cce7f1\" data-element_type=\"widget\" data-settings=\"{&quot;classic_row_gap&quot;:{&quot;unit&quot;:&quot;px&quot;,&quot;size&quot;:20,&quot;sizes&quot;:[]},&quot;classic_columns&quot;:&quot;3&quot;,&quot;classic_columns_tablet&quot;:&quot;2&quot;,&quot;classic_columns_mobile&quot;:&quot;1&quot;}\" data-widget_type=\"posts.classic\">\n\t\t\t\t<div class=\"elementor-widget-container\">\n\t\t\t\t\t<div class=\"elementor-posts-container elementor-posts elementor-posts--skin-classic elementor-grid\">\n\t\t\t\t<article class=\"elementor-post elementor-grid-item post-3348 post type-post status-publish format-standard has-post-thumbnail hentry category-news-fr\">\n\t\t\t\t<a class=\"elementor-post__thumbnail__link\" href=\"https:\/\/afikim.org\/fr\/un-chabbat-plein-dexception-a-la-grande-synagogue-de-la-victoire\/\" >\n\t\t\t<div class=\"elementor-post__thumbnail\"><img width=\"640\" height=\"427\" src=\"https:\/\/afikim.org\/wp-content\/uploads\/2020\/10\/0901.jpg\" class=\"attachment-full size-full\" alt=\"\" loading=\"lazy\" srcset=\"https:\/\/afikim.org\/wp-content\/uploads\/2020\/10\/0901.jpg 640w, https:\/\/afikim.org\/wp-content\/uploads\/2020\/10\/0901-600x400.jpg 600w, https:\/\/afikim.org\/wp-content\/uploads\/2020\/10\/0901-300x200.jpg 300w\" sizes=\"(max-width: 640px) 100vw, 640px\" \/><\/div>\n\t\t<\/a>\n\t\t\t\t<div class=\"elementor-post__text\">\n\t\t\t\t<h3 class=\"elementor-post__title\">\n\t\t\t<a href=\"https:\/\/afikim.org\/fr\/un-chabbat-plein-dexception-a-la-grande-synagogue-de-la-victoire\/\" >\n\t\t\t\tUn Chabbat plein d&rsquo;exception \u00e0 la Grande synagogue de la Victoire\t\t\t<\/a>\n\t\t<\/h3>\n\t\t\t\t<div class=\"elementor-post__meta-data\">\n\t\t\t\t\t<span class=\"elementor-post-date\">\n\t\t\toctobre 19, 2020\t\t<\/span>\n\t\t\t\t<\/div>\n\t\t\t\t\t<a class=\"elementor-post__read-more\" href=\"https:\/\/afikim.org\/fr\/un-chabbat-plein-dexception-a-la-grande-synagogue-de-la-victoire\/\" >\n\t\t\t\tRead More\t\t\t<\/a>\n\t\t\t\t<\/div>\n\t\t\t\t<\/article>\n\t\t\t\t<article class=\"elementor-post elementor-grid-item post-3347 post type-post status-publish format-standard has-post-thumbnail hentry category-news-fr\">\n\t\t\t\t<a class=\"elementor-post__thumbnail__link\" href=\"https:\/\/afikim.org\/fr\/a-la-memoire-de-rabbi-dr-azriel-abshil-ben-nahoum-et-pnina-kreiman-zal\/\" >\n\t\t\t<div class=\"elementor-post__thumbnail\"><img width=\"330\" height=\"230\" src=\"https:\/\/afikim.org\/wp-content\/uploads\/2020\/10\/0928-2.jpg\" class=\"attachment-full size-full\" alt=\"\" loading=\"lazy\" srcset=\"https:\/\/afikim.org\/wp-content\/uploads\/2020\/10\/0928-2.jpg 330w, https:\/\/afikim.org\/wp-content\/uploads\/2020\/10\/0928-2-300x209.jpg 300w\" sizes=\"(max-width: 330px) 100vw, 330px\" \/><\/div>\n\t\t<\/a>\n\t\t\t\t<div class=\"elementor-post__text\">\n\t\t\t\t<h3 class=\"elementor-post__title\">\n\t\t\t<a href=\"https:\/\/afikim.org\/fr\/a-la-memoire-de-rabbi-dr-azriel-abshil-ben-nahoum-et-pnina-kreiman-zal\/\" >\n\t\t\t\tA la m\u00e9moire de Rabbi Dr Azriel Abshil ben Nahoum et Pnina Kreiman \u00ab\u00a0zal\u00a0\u00bb\t\t\t<\/a>\n\t\t<\/h3>\n\t\t\t\t<div class=\"elementor-post__meta-data\">\n\t\t\t\t\t<span class=\"elementor-post-date\">\n\t\t\tjanvier 12, 2014\t\t<\/span>\n\t\t\t\t<\/div>\n\t\t\t\t\t<a class=\"elementor-post__read-more\" href=\"https:\/\/afikim.org\/fr\/a-la-memoire-de-rabbi-dr-azriel-abshil-ben-nahoum-et-pnina-kreiman-zal\/\" >\n\t\t\t\tRead More\t\t\t<\/a>\n\t\t\t\t<\/div>\n\t\t\t\t<\/article>\n\t\t\t\t<article class=\"elementor-post elementor-grid-item post-3353 post type-post status-publish format-standard has-post-thumbnail hentry category-news-fr\">\n\t\t\t\t<a class=\"elementor-post__thumbnail__link\" href=\"https:\/\/afikim.org\/fr\/concert-carlebach-a-boulogne\/\" >\n\t\t\t<div class=\"elementor-post__thumbnail\"><img width=\"640\" height=\"879\" src=\"https:\/\/afikim.org\/wp-content\/uploads\/2020\/10\/0808.jpg\" class=\"attachment-full size-full\" alt=\"\" loading=\"lazy\" srcset=\"https:\/\/afikim.org\/wp-content\/uploads\/2020\/10\/0808.jpg 640w, https:\/\/afikim.org\/wp-content\/uploads\/2020\/10\/0808-600x824.jpg 600w, https:\/\/afikim.org\/wp-content\/uploads\/2020\/10\/0808-218x300.jpg 218w\" sizes=\"(max-width: 640px) 100vw, 640px\" \/><\/div>\n\t\t<\/a>\n\t\t\t\t<div class=\"elementor-post__text\">\n\t\t\t\t<h3 class=\"elementor-post__title\">\n\t\t\t<a href=\"https:\/\/afikim.org\/fr\/concert-carlebach-a-boulogne\/\" >\n\t\t\t\tConcert Carlebach \u00e0 Boulogne\t\t\t<\/a>\n\t\t<\/h3>\n\t\t\t\t<div class=\"elementor-post__meta-data\">\n\t\t\t\t\t<span class=\"elementor-post-date\">\n\t\t\toctobre 18, 2012\t\t<\/span>\n\t\t\t\t<\/div>\n\t\t\t\t\t<a class=\"elementor-post__read-more\" href=\"https:\/\/afikim.org\/fr\/concert-carlebach-a-boulogne\/\" >\n\t\t\t\tRead More\t\t\t<\/a>\n\t\t\t\t<\/div>\n\t\t\t\t<\/article>\n\t\t\t\t<\/div>\n\t\t\t\t<\/div>\n\t\t\t\t<\/div>\n\t\t\t\t\t\t<\/div>\n\t\t\t\t\t<\/div>\n\t\t<\/div>\n\t\t\t\t\t\t\t\t<\/div>\n\t\t\t\t\t<\/div>\n\t\t<\/section>\n\t\t\t\t<\/div>\n\t\t<\/div>\n\t\t\t\t<\/div>\n\t\t\t\t<\/div>\n\t\t\t\t<\/div>\n\t\t\t\t\t\t<\/div>\n\t\t\t\t\t<\/div>\n\t\t<\/div>\n\t\t\t\t\t\t\t\t<\/div>\n\t\t\t\t\t<\/div>\n\t\t<\/section>\n\t\t\t\t\t\t<\/div>\n\t\t\t\t\t\t<\/div>\n\t\t\t\t\t<\/div>\n\t\t","protected":false},"excerpt":{"rendered":"<p>Afikim operates 14 centers around Israel, with a staff of dozens of professional teachers, counselors and volunteers from Israel and abroad. Afikim\u2019s head offices are<\/p>\n","protected":false},"author":5,"featured_media":0,"parent":2744,"menu_order":0,"comment_status":"closed","ping_status":"closed","template":"elementor_header_footer","meta":[],"_links":{"self":[{"href":"https:\/\/afikim.org\/fr\/wp-json\/wp\/v2\/pages\/2614"}],"collection":[{"href":"https:\/\/afikim.org\/fr\/wp-json\/wp\/v2\/pages"}],"about":[{"href":"https:\/\/afikim.org\/fr\/wp-json\/wp\/v2\/types\/page"}],"author":[{"embeddable":true,"href":"https:\/\/afikim.org\/fr\/wp-json\/wp\/v2\/users\/5"}],"replies":[{"embeddable":true,"href":"https:\/\/afikim.org\/fr\/wp-json\/wp\/v2\/comments?post=2614"}],"version-history":[{"count":6,"href":"https:\/\/afikim.org\/fr\/wp-json\/wp\/v2\/pages\/2614\/revisions"}],"predecessor-version":[{"id":4569,"href":"https:\/\/afikim.org\/fr\/wp-json\/wp\/v2\/pages\/2614\/revisions\/4569"}],"up":[{"embeddable":true,"href":"https:\/\/afikim.org\/fr\/wp-json\/wp\/v2\/pages\/2744"}],"wp:attachment":[{"href":"https:\/\/afikim.org\/fr\/wp-json\/wp\/v2\/media?parent=2614"}],"curies":[{"name":"wp","href":"https:\/\/api.w.org\/{rel}","templated":true}]}}